{"id":1007,"date":"2011-03-18T17:41:48","date_gmt":"2011-03-18T17:41:48","guid":{"rendered":"http:\/\/www.precolombino.cl\/wp\/"},"modified":"2011-09-05T19:48:55","modified_gmt":"2011-09-05T22:48:55","slug":"vitrina-identidad-en-la-alfareria-chancay","status":"publish","type":"page","link":"https:\/\/precolombino.cl\/wp\/exposiciones\/exposicion-permanente-america-precolombina-en-el-arte\/andes-centrales\/vitrina-identidad-en-la-alfareria-chancay\/","title":{"rendered":"Identidad en la alfarer\u00eda Chancay"},"content":{"rendered":"<p>La alfarer\u00eda de esta sociedad de agricultores y pescadores de la costa central de Per\u00fa, siempre ha sido considerada de escaso rigor t\u00e9cnico y hasta ingenua en los temas que decoran sus vasijas, especialmente si se la compara con la cer\u00e1mica de las culturas vecinas. Dos son los rasgos que destacan en ella: por un lado, la sencillez aparente de su arte en oposici\u00f3n a la complejidad que alcanz\u00f3 la cosmopolita artesan\u00eda textil de este mismo pueblo; por el otro, la independencia para desarrollar un estilo cer\u00e1mico propio, pr\u00e1cticamente impermeable a las influencias que ejercieron en \u00e9l culturas m\u00e1s complejas como Chim\u00fa y el Imperio Inka. Mucha de esta alfarer\u00eda no presenta evidencias de uso y, al parecer, fue producida en grandes cantidades s\u00f3lo para ser destinadas a ofrendas funerarias, junto a otros objetos textiles y de madera. Su particular sello marc\u00f3 m\u00e1s que cualquier otra artesan\u00eda la identidad del pueblo Chancay. La mayor\u00eda de las vasijas son de formas simples, con unos pocos motivos pintados en uno o dos colores contrastantes, imitando dise\u00f1os textiles o creando efectos de volumen. Entre las formas escult\u00f3ricas m\u00e1s notables est\u00e1n los \u201ccuchimilcos\u201d, gr\u00e1ciles figuras humanas desnudas, s\u00f3lo adornadas con pintura corporal que probablemente representaron alg\u00fan ideal est\u00e9tico de esta sociedad.<\/p>\n<p>&nbsp;<\/p>","protected":false},"excerpt":{"rendered":"<p>La alfarer\u00eda de esta sociedad de agricultores y pescadores de la costa central de Per\u00fa, siempre ha sido considerada de escaso rigor t\u00e9cnico y hasta ingenua en los temas que decoran sus vasijas, especialmente si se la compara con la cer\u00e1mica de las culturas vecinas. Dos son los rasgos que destacan en ella: por un [&hellip;]<\/p>\n","protected":false},"author":1,"featured_media":21472,"parent":98,"menu_order":4,"comment_status":"open","ping_status":"open","template":"","meta":{"ngg_post_thumbnail":0},"_links":{"self":[{"href":"https:\/\/precolombino.cl\/wp\/wp-json\/wp\/v2\/pages\/1007"}],"collection":[{"href":"https:\/\/precolombino.cl\/wp\/wp-json\/wp\/v2\/pages"}],"about":[{"href":"https:\/\/precolombino.cl\/wp\/wp-json\/wp\/v2\/types\/page"}],"author":[{"embeddable":true,"href":"https:\/\/precolombino.cl\/wp\/wp-json\/wp\/v2\/users\/1"}],"replies":[{"embeddable":true,"href":"https:\/\/precolombino.cl\/wp\/wp-json\/wp\/v2\/comments?post=1007"}],"version-history":[{"count":3,"href":"https:\/\/precolombino.cl\/wp\/wp-json\/wp\/v2\/pages\/1007\/revisions"}],"predecessor-version":[{"id":17731,"href":"https:\/\/precolombino.cl\/wp\/wp-json\/wp\/v2\/pages\/1007\/revisions\/17731"}],"up":[{"embeddable":true,"href":"https:\/\/precolombino.cl\/wp\/wp-json\/wp\/v2\/pages\/98"}],"wp:featuredmedia":[{"embeddable":true,"href":"https:\/\/precolombino.cl\/wp\/wp-json\/wp\/v2\/media\/21472"}],"wp:attachment":[{"href":"https:\/\/precolombino.cl\/wp\/wp-json\/wp\/v2\/media?parent=1007"}],"curies":[{"name":"wp","href":"https:\/\/api.w.org\/{rel}","templated":true}]}}